{"id":30454,"date":"2025-01-20T16:38:28","date_gmt":"2025-01-20T15:38:28","guid":{"rendered":"https:\/\/magictowns.it\/town\/guspini-sardegna-italy\/"},"modified":"2026-03-11T17:00:25","modified_gmt":"2026-03-11T16:00:25","slug":"guspini-sardegna-italia","status":"publish","type":"town","link":"https:\/\/magictowns.it\/it\/town\/guspini-sardegna-italy\/","title":{"rendered":"Guspini"},"content":{"rendered":"<p>Guspini, situata nel cuore della Sardegna, offre agli espatriati una miscela irresistibile di ricchezza storica e vibrante vita locale. Questa citt\u00e0, rinomata per la sua vicinanza a importanti siti archeologici come la Miniera di Montevecchio e la Chiesa di San Nicol\u00f2, non \u00e8 solo una porta d'accesso al passato della Sardegna, ma anche un centro di attivit\u00e0 culturali. Le industrie locali, in particolare l'agricoltura e l'industria mineraria, danno forma alla sua economia, offrendo ai residenti un assaggio della vita tradizionale sarda.<br \/>\nTuttavia, i potenziali espatriati dovrebbero essere consapevoli di alcune sfide. Il mercato del lavoro di Guspini pu\u00f2 essere limitante, spesso orientato verso opportunit\u00e0 a basso salario, e i locali riferiscono di ostacoli burocratici che possono complicare le procedure di residenza. Nonostante questi inconvenienti, la citt\u00e0 vanta un'eccellente qualit\u00e0 dell'aria e si trova a breve distanza da splendide spiagge, il che la rende una scelta interessante per i pensionati che cercano uno stile di vita mediterraneo tranquillo in una comunit\u00e0 affiatata.<\/p>\n\r\n\t\t\t<div id=\"daexthefu-container\"\r\n\t\t\t\tclass=\"daexthefu-container daexthefu-layout-side-by-side daexthefu-alignment-center\"\r\n\t\t\t\tdata-post-id=\"30454\">\r\n\r\n\t\t\t\t<div class=\"daexthefu-feedback\">\r\n\t\t\t\t\t<div class=\"daexthefu-text\">\r\n\t\t\t\t\t\t<h3 class=\"daexthefu-title\">\u00c8 stato utile?<\/h3>\r\n\t\t\t\t\t<\/div>\r\n\t\t\t\t\t<div class=\"daexthefu-buttons-container\">\r\n\t\t\t\t\t\t<div class=\"daexthefu-buttons\">\r\n\t\t\t\t\t\t\t\r\n\t\t\t<div class=\"daexthefu-yes daexthefu-button daexthefu-button-type-text\" data-value=\"1\">\r\n\t\t\t\t<div class=\"daexthefu-button-text\">\u2705 S\u00ec<\/div>\r\n\t\t\t<\/div>\r\n\r\n\t\t\t\t\t\t\t\t\t\t\r\n\t\t\t<div class=\"daexthefu-no daexthefu-button daexthefu-button-type-text\" data-value=\"0\">\r\n\t\t\t\t<div class=\"daexthefu-button-text\">\u274c No<\/div>\r\n\t\t\t<\/div>\r\n\r\n\t\t\t\t\t\t\t\t\t<\/div>\r\n\t\t\t\t\t<\/div>\r\n\t\t\t\t<\/div>\r\n\r\n\t\t\t\t<div class=\"daexthefu-comment\">\r\n\t\t\t\t\t<div class=\"daexthefu-comment-top-container\">\r\n\t\t\t\t\t\t<label id=\"daexthefu-comment-label\" class=\"daexthefu-comment-label\"><\/label>\r\n\t\t\t\t\t\t\t\t\t\t\t\t\t<div class=\"daexthefu-comment-character-counter-container\">\r\n\t\t\t\t\t\t\t\t<div id=\"daexthefu-comment-character-counter-number\"\r\n\t\t\t\t\t\t\t\t\tclass=\"daexthefu-comment-character-counter-number\"><\/div>\r\n\t\t\t\t\t\t\t\t<div class=\"daexthefu-comment-character-counter-text\"><\/div>\r\n\t\t\t\t\t\t\t<\/div>\r\n\t\t\t\t\t\t\t\t\t\t\t<\/div>\r\n\t\t\t\t\t<textarea id=\"daexthefu-comment-textarea\" class=\"daexthefu-comment-textarea\"\r\n\t\t\t\t\t\t\t\tplaceholder=\"Digitare il messaggio\"\r\n\t\t\t\t\t\t\t\tmaxlength=\"\t\t\t\t\t\t\t\t400\t\t\t\t\t\t\t\t\t\"><\/textarea>\r\n\t\t\t\t\t<div class=\"daexthefu-comment-buttons-container\">\r\n\t\t\t\t\t\t<button class=\"daexthefu-comment-submit daexthefu-button\">Invia<\/button>\r\n\t\t\t\t\t\t<button class=\"daexthefu-comment-cancel daexthefu-button\">Annullamento<\/button>\r\n\t\t\t\t\t<\/div>\r\n\t\t\t\t<\/div>\r\n\r\n\t\t\t\t<div class=\"daexthefu-successful-submission-text\">Grazie per il tuo feedback!<\/div>\r\n\r\n\t\t\t<\/div>","protected":false},"excerpt":{"rendered":"<p>Citt\u00e0 storica della Sardegna con un mix di attivit\u00e0 culturali, agricoltura e industria mineraria.<\/p>","protected":false},"featured_media":30455,"comment_status":"closed","ping_status":"open","template":"single-fullwidth.php","meta":{"_acf_changed":false,"_helpful_status":1,"sync_status":"","episode_type":"","audio_file":"","podmotor_file_id":"","podmotor_episode_id":"","castos_file_data":"","cover_image":"","cover_image_id":"","duration":"","filesize":"","filesize_raw":"","date_recorded":"","explicit":"","block":"","itunes_episode_number":"","itunes_title":"","itunes_season_number":"","itunes_episode_type":"","footnotes":""},"categories":[1272,1277],"tags":[1113],"class_list":{"0":"post-30454","1":"town","2":"type-town","3":"status-publish","4":"has-post-thumbnail","6":"category-sardegna","7":"category-sud-sardegna","8":"tag-featured"},"acf":[],"_links":{"self":[{"href":"https:\/\/magictowns.it\/it\/wp-json\/wp\/v2\/town\/30454","targetHints":{"allow":["GET"]}}],"collection":[{"href":"https:\/\/magictowns.it\/it\/wp-json\/wp\/v2\/town"}],"about":[{"href":"https:\/\/magictowns.it\/it\/wp-json\/wp\/v2\/types\/town"}],"replies":[{"embeddable":true,"href":"https:\/\/magictowns.it\/it\/wp-json\/wp\/v2\/comments?post=30454"}],"version-history":[{"count":1,"href":"https:\/\/magictowns.it\/it\/wp-json\/wp\/v2\/town\/30454\/revisions"}],"predecessor-version":[{"id":45424,"href":"https:\/\/magictowns.it\/it\/wp-json\/wp\/v2\/town\/30454\/revisions\/45424"}],"wp:featuredmedia":[{"embeddable":true,"href":"https:\/\/magictowns.it\/it\/wp-json\/wp\/v2\/media\/30455"}],"wp:attachment":[{"href":"https:\/\/magictowns.it\/it\/wp-json\/wp\/v2\/media?parent=30454"}],"wp:term":[{"taxonomy":"category","embeddable":true,"href":"https:\/\/magictowns.it\/it\/wp-json\/wp\/v2\/categories?post=30454"},{"taxonomy":"post_tag","embeddable":true,"href":"https:\/\/magictowns.it\/it\/wp-json\/wp\/v2\/tags?post=30454"}],"curies":[{"name":"wp","href":"https:\/\/api.w.org\/{rel}","templated":true}]}}