{"id":28646,"date":"2025-02-11T08:36:16","date_gmt":"2025-02-11T07:36:16","guid":{"rendered":"https:\/\/magictowns.it\/town\/omegna-piemonte-italy\/"},"modified":"2026-03-11T15:27:23","modified_gmt":"2026-03-11T14:27:23","slug":"omegna-piemonte-italien","status":"publish","type":"town","link":"https:\/\/magictowns.it\/da\/town\/omegna-piemonte-italy\/","title":{"rendered":"Omegna"},"content":{"rendered":"<p>Omegna, der ligger ved den maleriske Orta-s\u00f8 i Piemonte, tilbyder attraktive faciliteter for udenlandske expats og pensionister, der s\u00f8ger en fredelig livsstil. Den historiske by er kendetegnet ved sin charmerende arkitektur med h\u00f8jdepunkter som Ponte Antico, en bro med \u00e5rhundreders historie, og Porta Romana, en rest af den oprindelige middelalderlige bymur. Omegnas livlige lokale kultur understreges af dens rige industrielle arv, som vises i Forum Omegna-museet. Byen er v\u00e6rt for flere \u00e5rlige festivaler, herunder festlighederne i Our Lady of the Grapes-kirken, som fremmer et t\u00e6t sammenhold i lokalsamfundet.<\/p>\n<p>Potentielle beboere b\u00f8r dog v\u00e6re opm\u00e6rksomme p\u00e5, at Omegna ganske vist har et attraktivt milj\u00f8 med god luftkvalitet, men at det lokale sundhedsv\u00e6sen er noget ringere end i st\u00f8rre bycentre. Internetforbindelsen er tilfredsstillende, og bekvemmeligheden understreges af en fremragende walk score, der indikerer en fodg\u00e6ngervenlig atmosf\u00e6re. Derudover forbedrer n\u00e6rheden til strande mulighederne for udend\u00f8rsaktiviteter.<\/p>\n\r\n\t\t\t<div id=\"daexthefu-container\"\r\n\t\t\t\tclass=\"daexthefu-container daexthefu-layout-side-by-side daexthefu-alignment-center\"\r\n\t\t\t\tdata-post-id=\"28646\">\r\n\r\n\t\t\t\t<div class=\"daexthefu-feedback\">\r\n\t\t\t\t\t<div class=\"daexthefu-text\">\r\n\t\t\t\t\t\t<h3 class=\"daexthefu-title\">Var dette en hj\u00e6lp?<\/h3>\r\n\t\t\t\t\t<\/div>\r\n\t\t\t\t\t<div class=\"daexthefu-buttons-container\">\r\n\t\t\t\t\t\t<div class=\"daexthefu-buttons\">\r\n\t\t\t\t\t\t\t\r\n\t\t\t<div class=\"daexthefu-yes daexthefu-button daexthefu-button-type-text\" data-value=\"1\">\r\n\t\t\t\t<div class=\"daexthefu-button-text\">\u2705 Ja<\/div>\r\n\t\t\t<\/div>\r\n\r\n\t\t\t\t\t\t\t\t\t\t\r\n\t\t\t<div class=\"daexthefu-no daexthefu-button daexthefu-button-type-text\" data-value=\"0\">\r\n\t\t\t\t<div class=\"daexthefu-button-text\">\u274c Nej<\/div>\r\n\t\t\t<\/div>\r\n\r\n\t\t\t\t\t\t\t\t\t<\/div>\r\n\t\t\t\t\t<\/div>\r\n\t\t\t\t<\/div>\r\n\r\n\t\t\t\t<div class=\"daexthefu-comment\">\r\n\t\t\t\t\t<div class=\"daexthefu-comment-top-container\">\r\n\t\t\t\t\t\t<label id=\"daexthefu-comment-label\" class=\"daexthefu-comment-label\"><\/label>\r\n\t\t\t\t\t\t\t\t\t\t\t\t\t<div class=\"daexthefu-comment-character-counter-container\">\r\n\t\t\t\t\t\t\t\t<div id=\"daexthefu-comment-character-counter-number\"\r\n\t\t\t\t\t\t\t\t\tclass=\"daexthefu-comment-character-counter-number\"><\/div>\r\n\t\t\t\t\t\t\t\t<div class=\"daexthefu-comment-character-counter-text\"><\/div>\r\n\t\t\t\t\t\t\t<\/div>\r\n\t\t\t\t\t\t\t\t\t\t\t<\/div>\r\n\t\t\t\t\t<textarea id=\"daexthefu-comment-textarea\" class=\"daexthefu-comment-textarea\"\r\n\t\t\t\t\t\t\t\tplaceholder=\"Skriv din besked\"\r\n\t\t\t\t\t\t\t\tmaxlength=\"\t\t\t\t\t\t\t\t400\t\t\t\t\t\t\t\t\t\"><\/textarea>\r\n\t\t\t\t\t<div class=\"daexthefu-comment-buttons-container\">\r\n\t\t\t\t\t\t<button class=\"daexthefu-comment-submit daexthefu-button\">Indsend<\/button>\r\n\t\t\t\t\t\t<button class=\"daexthefu-comment-cancel daexthefu-button\">Annuller<\/button>\r\n\t\t\t\t\t<\/div>\r\n\t\t\t\t<\/div>\r\n\r\n\t\t\t\t<div class=\"daexthefu-successful-submission-text\">Tak for din feedback!<\/div>\r\n\r\n\t\t\t<\/div>","protected":false},"excerpt":{"rendered":"<p>Historisk by ved Orta-s\u00f8en med charmerende arkitektur, lokale festivaler og en fodg\u00e6ngervenlig atmosf\u00e6re.<\/p>","protected":false},"featured_media":28647,"comment_status":"closed","ping_status":"open","template":"single-fullwidth.php","meta":{"_acf_changed":false,"_helpful_status":1,"sync_status":"","episode_type":"","audio_file":"","podmotor_file_id":"","podmotor_episode_id":"","castos_file_data":"","cover_image":"","cover_image_id":"","duration":"","filesize":"","filesize_raw":"","date_recorded":"","explicit":"","block":"","itunes_episode_number":"","itunes_title":"","itunes_season_number":"","itunes_episode_type":"","footnotes":""},"categories":[1159,1167],"tags":[1113],"class_list":{"0":"post-28646","1":"town","2":"type-town","3":"status-publish","4":"has-post-thumbnail","6":"category-piemonte","7":"category-verbano-cusio-ossola","8":"tag-featured"},"acf":[],"_links":{"self":[{"href":"https:\/\/magictowns.it\/da\/wp-json\/wp\/v2\/town\/28646","targetHints":{"allow":["GET"]}}],"collection":[{"href":"https:\/\/magictowns.it\/da\/wp-json\/wp\/v2\/town"}],"about":[{"href":"https:\/\/magictowns.it\/da\/wp-json\/wp\/v2\/types\/town"}],"replies":[{"embeddable":true,"href":"https:\/\/magictowns.it\/da\/wp-json\/wp\/v2\/comments?post=28646"}],"version-history":[{"count":1,"href":"https:\/\/magictowns.it\/da\/wp-json\/wp\/v2\/town\/28646\/revisions"}],"predecessor-version":[{"id":44440,"href":"https:\/\/magictowns.it\/da\/wp-json\/wp\/v2\/town\/28646\/revisions\/44440"}],"wp:featuredmedia":[{"embeddable":true,"href":"https:\/\/magictowns.it\/da\/wp-json\/wp\/v2\/media\/28647"}],"wp:attachment":[{"href":"https:\/\/magictowns.it\/da\/wp-json\/wp\/v2\/media?parent=28646"}],"wp:term":[{"taxonomy":"category","embeddable":true,"href":"https:\/\/magictowns.it\/da\/wp-json\/wp\/v2\/categories?post=28646"},{"taxonomy":"post_tag","embeddable":true,"href":"https:\/\/magictowns.it\/da\/wp-json\/wp\/v2\/tags?post=28646"}],"curies":[{"name":"wp","href":"https:\/\/api.w.org\/{rel}","templated":true}]}}